{"id":933,"date":"2017-04-20T14:33:31","date_gmt":"2017-04-20T14:33:31","guid":{"rendered":"https:\/\/ff-fuegen.at\/?page_id=933"},"modified":"2025-04-22T17:14:18","modified_gmt":"2025-04-22T17:14:18","slug":"mannschaft-4","status":"publish","type":"page","link":"https:\/\/ff-fuegen.at\/?page_id=933","title":{"rendered":"Patinnen"},"content":{"rendered":"\n\n\t<h1>Patinnen<\/h1>\n\t<p>Als Patinnen fungieren folgende B\u00fcrgerinnen aus F\u00fcgen und F\u00fcgenberg:<\/p>\n<ul>\n<li><b><i>Christine RITZL<\/i><\/b>\n<ul>\n<li>Fahrzeugpatin KDO &#8211; 1974<\/li>\n<\/ul>\n<\/li>\n<li><b><i>Greti TOLD<\/i><\/b>\n<ul>\n<li>Fahrzeugpatin KLF &#8211; 1980<\/li>\n<\/ul>\n<\/li>\n<li><b><i>Annemarie PENZ<\/i><\/b>\n<ul>\n<li>Fahrzeugpatin Drehleiter-alt &#8211; 1985<\/li>\n<\/ul>\n<\/li>\n<li><b><i>Maria WINKLER<\/i><\/b>\n<ul>\n<li>Fahrzeugpatin\u00a0<a title=\"\u00d6ffnet internen Link im aktuellen Fenster\" href=\"https:\/\/ff-fuegen.at\/?page_id=1348\">LFB-A<\/a>\u00a0&#8211; 1995<\/li>\n<\/ul>\n<\/li>\n<li><b><i>Lisi ANKER<\/i><\/b>\n<ul>\n<li>Fahrzeugpatin\u00a0<a title=\"\u00d6ffnet internen Link im aktuellen Fenster\" href=\"https:\/\/ff-fuegen.at\/?page_id=1340\">KLF-1<\/a>\u00a0&#8211; 1999<\/li>\n<\/ul>\n<\/li>\n<li><b><i>Bettina HEIM<\/i><\/b>\n<ul>\n<li>Fahrzeugpatin\u00a0<a title=\"\u00d6ffnet internen Link im aktuellen Fenster\" href=\"https:\/\/ff-fuegen.at\/?page_id=1337\">KDO-A-2<\/a> &#8211; 2001<\/li>\n<\/ul>\n<\/li>\n<li><b><i>Ursula BAUMANN<\/i><\/b>\n<ul>\n<li>Fahrzeugpatin\u00a0<a title=\"\u00d6ffnet internen Link im aktuellen Fenster\" href=\"https:\/\/ff-fuegen.at\/?page_id=1343\">LAST<\/a>\u00a0&#8211; 2003<\/li>\n<\/ul>\n<\/li>\n<li><b><i>Martina LEITNER<\/i><\/b>\n<ul>\n<li>Fahnenpatin &#8211; 2006<\/li>\n<\/ul>\n<\/li>\n<li><b><i>Andrea BINDER<\/i><\/b>\n<ul>\n<li>Fahrzeugpatin\u00a0<a title=\"\u00d6ffnet internen Link im aktuellen Fenster\" href=\"https:\/\/ff-fuegen.at\/?page_id=1346\">DREHLEITER<\/a>\u00a0&#8211; 2007<\/li>\n<\/ul>\n<\/li>\n<li><b><i>Gertraud H\u00d6LLWARTH<\/i><\/b>\n<ul>\n<li>Fahrzeugpatin\u00a0<a title=\"\u00d6ffnet internen Link im aktuellen Fenster\" href=\"https:\/\/ff-fuegen.at\/?page_id=1218\">TANK-2<\/a>\u00a0&#8211; 2011<\/li>\n<\/ul>\n<\/li>\n<li><strong><em>Erna HAUN<\/em><\/strong>\n<ul>\n<li>Fahrzeugpatin <a href=\"https:\/\/ff-fuegen.at\/?page_id=1334\">KDO-A<\/a> &#8211; 2017<\/li>\n<\/ul>\n<\/li>\n<li><em><strong>Isabella<\/strong> <strong>ERLEBACH<\/strong><\/em>\n<ul>\n<li>Fahrzeugpatin <a href=\"https:\/\/ff-fuegen.at\/?page_id=1364\">TLF-3<\/a> &#8211; 2017<\/li>\n<\/ul>\n<\/li>\n<li><em><strong>Maria BAUMANN<\/strong><\/em>\n<ul>\n<li>Fahrzeugpatin <a href=\"https:\/\/ff-fuegen.at\/?page_id=3942\">MTF-A<\/a> &#8211; 2021<\/li>\n<\/ul>\n<\/li>\n<li><em><strong>Gabriele SCHLECHTER<\/strong><\/em>\n<ul>\n<li>Fahnenpatin Jugendwimpel &#8211; 2021<\/li>\n<\/ul>\n<\/li>\n<li><em><strong>Martina KOGLER<\/strong><\/em>\n<ul>\n<li>Fahrzeugpatin <a href=\"https:\/\/ff-fuegen.at\/?page_id=3947\">F-Trac<\/a> &#8211; 2023<\/li>\n<\/ul>\n<\/li>\n<li><em><strong>Barbara BAUMANN<\/strong><\/em>\n<ul>\n<li>Fahrzeugpatin LFBA &#8211;\u00a0 2025<\/li>\n<\/ul>\n<\/li>\n<\/ul>\n<p>&nbsp;<\/p>\n<p>Verstorben:<\/p>\n<ul>\n<li><em><strong>Anneliese FANKHAUSER<\/strong><\/em>\n<ul>\n<li>Fahrzeugpatin <a href=\"https:\/\/ff-fuegen.at\/?page_id=1003\">Tank-1<\/a> &#8211; 2014<\/li>\n<\/ul>\n<\/li>\n<li><b><i>Mina WETSCHER<\/i><\/b>\n<ul>\n<li>Fahrzeugpatin KLF &#8211; 1971<\/li>\n<li>Fahrzeugpatin TLF-1 alt &#8211; 1981<\/li>\n<\/ul>\n<\/li>\n<li><b><i>Erna FANKHAUSER<\/i><\/b>\n<ul>\n<li>Fahrzeugpatin KLF-2 &#8211; 1980<\/li>\n<\/ul>\n<\/li>\n<\/ul>\n\t\t\t\t<img loading=\"lazy\" decoding=\"async\" src=\"https:\/\/ff-fuegen.at\/wp-content\/uploads\/2017\/04\/a147315c30.jpg\" alt=\"V.l.n.r.: Lisi ANKER, Bgm. Josef FANKHAUSER, Bettina HEIM, Kdt. ABI Reinhard HAUN, Andrea BINDER, Kdt.-Stv. OBI Manfred PRANKL, Urusla BAUMANN, Bgm. Walter H\u00d6LLWARTH und Martina LEITNER\" itemprop=\"image\" height=\"465\" width=\"600\" title=\"a147315c30\" onerror=\"this.style.display='none'\"  \/>\n\n","protected":false},"excerpt":{"rendered":"<div class=\"entry-summary\">\n<div class=\"entry-summary\">\nPatinnen Als Patinnen fungieren folgende B\u00fcrgerinnen aus F\u00fcgen und F\u00fcgenberg: Christine RITZL&hellip;\n<\/div>\n<div class=\"link-more\"><a href=\"https:\/\/ff-fuegen.at\/?page_id=933\" class=\"more-link\">Continue reading<span class=\"screen-reader-text\"> &ldquo;Patinnen&rdquo;<\/span>&hellip;<\/a><\/div>\n<\/div>\n<div class=\"link-more\"><a href=\"https:\/\/ff-fuegen.at\/?page_id=933\" class=\"more-link\">Continue reading<span class=\"screen-reader-text\"> &ldquo;Patinnen&rdquo;<\/span>&hellip;<\/a><\/div>\n","protected":false},"author":3,"featured_media":0,"parent":0,"menu_order":0,"comment_status":"closed","ping_status":"closed","template":"page-template\/_fullwidth.php","meta":{"_acf_changed":false,"footnotes":""},"class_list":["post-933","page","type-page","status-publish","hentry","entry"],"acf":[],"_links":{"self":[{"href":"https:\/\/ff-fuegen.at\/index.php?rest_route=\/wp\/v2\/pages\/933","targetHints":{"allow":["GET"]}}],"collection":[{"href":"https:\/\/ff-fuegen.at\/index.php?rest_route=\/wp\/v2\/pages"}],"about":[{"href":"https:\/\/ff-fuegen.at\/index.php?rest_route=\/wp\/v2\/types\/page"}],"author":[{"embeddable":true,"href":"https:\/\/ff-fuegen.at\/index.php?rest_route=\/wp\/v2\/users\/3"}],"replies":[{"embeddable":true,"href":"https:\/\/ff-fuegen.at\/index.php?rest_route=%2Fwp%2Fv2%2Fcomments&post=933"}],"version-history":[{"count":4,"href":"https:\/\/ff-fuegen.at\/index.php?rest_route=\/wp\/v2\/pages\/933\/revisions"}],"predecessor-version":[{"id":6646,"href":"https:\/\/ff-fuegen.at\/index.php?rest_route=\/wp\/v2\/pages\/933\/revisions\/6646"}],"wp:attachment":[{"href":"https:\/\/ff-fuegen.at\/index.php?rest_route=%2Fwp%2Fv2%2Fmedia&parent=933"}],"curies":[{"name":"wp","href":"https:\/\/api.w.org\/{rel}","templated":true}]}}